{"id":513,"date":"2020-09-13T04:42:53","date_gmt":"2020-09-13T04:42:53","guid":{"rendered":"https:\/\/www.floow.es\/politica-de-privacitat\/"},"modified":"2022-03-06T06:48:48","modified_gmt":"2022-03-06T06:48:48","slug":"politica-de-privacitat","status":"publish","type":"page","link":"https:\/\/www.hst.barcelona\/ca\/politica-de-privacitat\/","title":{"rendered":"Pol\u00edtica de privacitat"},"content":{"rendered":"\t\t<div data-elementor-type=\"wp-page\" data-elementor-id=\"513\" class=\"elementor elementor-513 elementor-3\" data-elementor-post-type=\"page\">\n\t\t\t\t\t\t<section class=\"elementor-section elementor-top-section elementor-element elementor-element-596ed27f elementor-section-boxed elementor-section-height-default elementor-section-height-default\" data-id=\"596ed27f\" data-element_type=\"section\" data-e-type=\"section\">\n\t\t\t\t\t\t<div class=\"elementor-container elementor-column-gap-default\">\n\t\t\t\t\t<div class=\"elementor-column elementor-col-100 elementor-top-column elementor-element elementor-element-106f141c\" data-id=\"106f141c\" data-element_type=\"column\" data-e-type=\"column\">\n\t\t\t<div class=\"elementor-widget-wrap elementor-element-populated\">\n\t\t\t\t\t\t<div class=\"elementor-element elementor-element-55335b4f elementor-widget elementor-widget-text-editor\" data-id=\"55335b4f\" data-element_type=\"widget\" data-e-type=\"widget\" data-widget_type=\"text-editor.default\">\n\t\t\t\t\t\t\t\t\t<p><\/p>\n<p><strong>AV\u00cdS LEGAL I CONDICIONS GENERALS D&#8217;\u00daS<\/strong><\/p>\n<p><strong>&nbsp;<\/strong><\/p>\n<p><b>1. INFORMACI\u00d3 GENERAL&nbsp;<\/b><\/p>\n<p>En compliment del deure informaci\u00f3 previst a la Llei 34\/2002 de Serveis de la Societat de la Informaci\u00f3 i Comer\u00e7 Electr\u00f2nic (LSSI-CE), d&#8217;11 de juliol, a continuaci\u00f3 es presenten les dades generals d&#8217;aquest lloc web: La titularitat de aquest lloc web, www.hst.barcelona, (d&#8217;ara endavant, lloc web) \u00e9s la titularitat de: H\u00e9ctor Seguer Terr\u00e9, amb NIF: 44991838C, i el correu electr\u00f2nic de contacte \u00e9s info@hst.barcelona.<\/p><p><br><\/p>\n<p><\/p>\n<p><b>2. CONDICIONS GENERALS D&#8217;\u00daS&nbsp;<\/b><\/p>\n<p><b>La finalitat dels termes: el lloc web&nbsp;<\/b><\/p>\n<p>La finalitat d&#8217;aquestes condicions generals d&#8217;\u00fas (d&#8217;ara endavant, les condicions) \u00e9s regular l&#8217;acc\u00e9s i l&#8217;\u00fas del lloc web.&nbsp;<\/p>\n<p>A aquest efecte, un lloc web s&#8217;entendr\u00e0 com: l&#8217;aparen\u00e7a externa de les interf\u00edcies de visualitzaci\u00f3, tant est\u00e0ticament com din\u00e0micament, \u00e9s a dir, l&#8217;arbre de navegaci\u00f3; i tots els elements incorporats tant a les interf\u00edcies de vista a l&#8217;arbre de navegaci\u00f3 (d&#8217;ara endavant, els continguts) com tots aquests serveis o recursos en <b>hst.<\/b> es reserva el dret de modificar, en qualsevol moment i sense previ av\u00eds, una la presentaci\u00f3 i configuraci\u00f3 del lloc web i els continguts i serveis que puguin incorporar-s&#8217;hi.&nbsp;<\/p>\n<p>L&#8217;usuari reconeix i accepta que, en qualsevol moment,&nbsp; <span style=\"font-weight: bold; font-size: 16px; font-style: normal;\">hst.<\/span>&nbsp; podr\u00e0 interrompre, desactivar i\/o cancel\u00b7lar qualsevol dels elements que es trobin al lloc web o accedir-hi.&nbsp;<\/p>\n<p>L&#8217;acc\u00e9s al lloc web per part de l&#8217;usuari \u00e9s gratu\u00eft i, per norma general, \u00e9s gratu\u00eft sense que l&#8217;usuari hagi de tenir en compte per poder gaudir, excepte pel cost de connexi\u00f3 a trav\u00e9s de la xarxa de telecomunicacions proporcionada pel Prestador Acc\u00e9s que l&#8217;usuari hagi contractat.&nbsp;<\/p>\n<p>La utilitzaci\u00f3 de qualsevol dels continguts o serveis del lloc web es pot fer a trav\u00e9s de la subscripci\u00f3 pr\u00e8via o registre de l&#8217;usuari.&nbsp;<\/p>\n<p><b>L&#8217;usuari&nbsp;<\/b><\/p>\n<p>L&#8217;acc\u00e9s, navegaci\u00f3 i \u00fas del lloc web confereix la condici\u00f3 d&#8217;usuari, per al que s&#8217;accepta, ja que comen\u00e7a la navegaci\u00f3 del lloc web, totes les condicions exposades en el mateix, aix\u00ed com les seves modificacions posteriors, sense perjudici de l&#8217;aplicaci\u00f3 de les regulacions legals corresponents segons el cas.&nbsp;<span style=\"font-size: 16px; color: var( --e-global-color-text ); font-family: var( --e-global-typography-text-font-family ); letter-spacing: var( --e-global-typography-text-letter-spacing );\">Donada la rellev\u00e0ncia de l&#8217;anterior, s&#8217;aconsella a l&#8217;usuari que les llegeixi cada vegada que visiti el lloc web.&nbsp;<\/span><\/p>\n<p><span style=\"font-size: 16px; color: var( --e-global-color-text ); font-family: var( --e-global-typography-text-font-family ); letter-spacing: var( --e-global-typography-text-letter-spacing );\">El lloc web de<\/span>&nbsp; <span style=\"font-weight: bold; font-size: 16px; font-style: normal;\">hst.<\/span><span style=\"font-size: 16px; color: var( --e-global-color-text ); font-family: var( --e-global-typography-text-font-family ); letter-spacing: var( --e-global-typography-text-letter-spacing );\">&nbsp;ofereix una \u00e0mplia gamma dinformaci\u00f3, serveis i dades. L&#8217;usuari assumeix la responsabilitat de fer un \u00fas correcte del lloc web.&nbsp;<\/span><\/p>\n<p><span style=\"font-size: 16px; color: var( --e-global-color-text ); font-family: var( --e-global-typography-text-font-family ); letter-spacing: var( --e-global-typography-text-letter-spacing );\">Aquesta responsabilitat s&#8217;est\u00e9n a:&nbsp;<\/span><\/p>\n<ul>\n<li><span style=\"font-size: 16px; color: var( --e-global-color-text ); font-family: var( --e-global-typography-text-font-family ); letter-spacing: var( --e-global-typography-text-letter-spacing );\">L&#8217;\u00fas de la informaci\u00f3, continguts i\/o serveis i dades ofertes per&nbsp;<span style=\"font-weight: bold; font-family: 'Open Sans', sans-serif; font-size: 16px; font-style: normal;\">hst.<\/span>&nbsp; sense ser contraris al que disposen aquestes condicions, a la llei, a la moral oa l&#8217;ordre p\u00fablic, o que de qualsevol altra forma puguin causar perjudici als drets de tercers o al funcionament del lloc web.&nbsp;<\/span><\/li>\n<li><span style=\"font-size: 16px; color: var( --e-global-color-text ); font-family: var( --e-global-typography-text-font-family ); letter-spacing: var( --e-global-typography-text-letter-spacing );\">La veracitat i legalitat de la informaci\u00f3 facilitada per l&#8217;usuari als formularis ampliats per&nbsp; <span style=\"font-weight: bold; font-family: 'Open Sans', sans-serif; font-size: 16px; font-style: normal;\">hst.<\/span>&nbsp; per accedir a determinats continguts o serveis oferts pel lloc web.&nbsp;<\/span><\/li>\n<\/ul>\n<p><span style=\"font-size: 16px; color: var( --e-global-color-text ); font-family: var( --e-global-typography-text-font-family ); letter-spacing: var( --e-global-typography-text-letter-spacing );\">En qualsevol cas, l&#8217;usuari notificar\u00e0 immediatament al<\/span>&nbsp; <span style=\"font-weight: bold; font-size: 16px; font-style: normal;\">hst.<\/span>&nbsp; <span style=\"font-size: 16px; color: var( --e-global-color-text ); font-family: var( --e-global-typography-text-font-family ); letter-spacing: var( --e-global-typography-text-letter-spacing );\">qualsevol esdeveniment que permeti el mal \u00fas de la informaci\u00f3 registrada en aquests formularis, com ara, entre d&#8217;altres, el robatori, p\u00e8rdua o acc\u00e9s no autoritzat als identificadors i\/o contrasenyes, a fi de procedir a cancel\u00b7lar-los immediatament.<\/span>&nbsp;<\/p>\n<p><span style=\"font-size: 16px; color: var( --e-global-color-text ); font-family: var( --e-global-typography-text-font-family ); letter-spacing: var( --e-global-typography-text-letter-spacing );\">El mer acc\u00e9s a aquest lloc web no implica cap mena de relaci\u00f3 comercial entre<\/span>&nbsp; <span style=\"font-weight: bold; font-size: 16px; font-style: normal;\">hst.<\/span><span style=\"font-size: 16px; color: var( --e-global-color-text ); font-family: var( --e-global-typography-text-font-family ); letter-spacing: var( --e-global-typography-text-letter-spacing );\">&nbsp;i l&#8217;usuari. Sempre d&#8217;acord amb la legislaci\u00f3 vigent, aquest lloc web de&nbsp;<\/span><span style=\"font-weight: bold; font-size: 16px; font-style: normal;\">hst.<\/span>&nbsp; <span style=\"font-size: 16px; color: var( --e-global-color-text ); font-family: var( --e-global-typography-text-font-family ); letter-spacing: var( --e-global-typography-text-letter-spacing );\">est\u00e0 dirigit a totes les persones, independentment de la seva edat, que puguin accedir i navegar per les p\u00e0gines del lloc web.<\/span>&nbsp;<\/p>\n<p><span style=\"font-size: 16px; color: var( --e-global-color-text ); font-family: var( --e-global-typography-text-font-family ); letter-spacing: var( --e-global-typography-text-letter-spacing );\">&nbsp;<\/span><\/p>\n<p><b>3. ACC\u00c9S I NAVEGACI\u00d3 EN EL LLOC WEB: EXCLUSI\u00d3 DE GARANTIES I RESPONSABILITAT&nbsp;<\/b><\/p>\n<p>No garantim la continu\u00eftat, disponibilitat i utilitat del lloc web, ni dels continguts o serveis.&nbsp; <span style=\"font-weight: bold; font-size: 16px; font-style: normal;\">hst.<\/span>&nbsp; far\u00e0 tot el possible per funcionar correctament per al lloc web, per\u00f2 no \u00e9s responsable o garanteix que lacc\u00e9s a aquest lloc web no \u00e9s ininterromput o lliure derrors.<\/p>\n<p>Tampoc no es responsabilitza ni garanteix que els continguts o programari al que es pugui accedir a trav\u00e9s d&#8217;aquest lloc web, estiguin lliures d&#8217;errors o provoquin danys en el sistema inform\u00e0tic de l&#8217;usuari (programari i maquinari). En cap cas el&nbsp;<span style=\"font-weight: bold; font-size: 16px; font-style: normal;\">hst.<\/span>&nbsp; ser\u00e0 responsable de cap p\u00e8rdua, dany o perjudici de qualsevol tipus que sorgeixi de lacc\u00e9s, navegaci\u00f3 i \u00fas del lloc web, inclosos, entre altres, els causats als sistemes inform\u00e0tics o els causats per la introducci\u00f3 de virus.&nbsp;<\/p>\n<p><span style=\"font-size: 16px; font-style: normal; font-weight: bold; color: var( --e-global-color-text ); background-color: var(--ast-global-color-5);\">hst.<\/span>&nbsp; no es fa responsable de cap dany o dany que pugui causar-se als usuaris a causa de l\u00fas indegut daquest lloc web. En particular, les telecomunicacions no es responsabilitzen de cap manera de les caigudes, canvis, fallades o defectes que es puguin produir.&nbsp;<\/p>\n<p><\/p>\n<p><b>4. POL\u00cdTICA DE PRIVACITAT I PROTECCI\u00d3 DE DADES<\/b><\/p>\n<p>En compliment del que disposa la legislaci\u00f3 vigent,&nbsp; <span style=\"font-weight: bold; font-size: 16px; font-style: normal;\">hst.<\/span>&nbsp; es compromet a adoptar les seg\u00fcents mesures t\u00e8cniques i organitzatives, dacord amb el nivell de seguretat adequat al risc de les dades recollides.<\/p>\n<p><b>Lleis que incorporen aquesta pol\u00edtica de privadesa&nbsp;<\/b><\/p>\n<p>Aquesta pol\u00edtica de privacitat est\u00e0 d&#8217;acord amb la normativa espanyola i europea vigent en mat\u00e8ria de protecci\u00f3 de dades de car\u00e0cter personal a Internet. En particular, compleix els est\u00e0ndards seg\u00fcents:&nbsp;<\/p>\n<ul>\n<li>Reglament (UE) 2016\/679 del Parlament Europeu i del Consell, de 27 d&#8217;abril de 2016, relatiu a la protecci\u00f3 de les persones f\u00edsiques pel que fa al tractament de dades personals i a la lliure circulaci\u00f3 d&#8217;aquestes dades (RGPD).&nbsp;<\/li>\n<li>Llei Org\u00e0nica 3\/2018, de 5 de desembre, de Protecci\u00f3 de Dades de Car\u00e0cter Personal i Garantia de Drets Digitals (LOPD-GDD).&nbsp;<\/li>\n<li>Reial decret 1720\/2007, de 21 de desembre, pel qual s&#8217;aprova l&#8217;E-Eclamentoon del desenvolupament de la Llei Org\u00e0nica 15\/1999, de 13 de desembre, de Protecci\u00f3 de Dades de Car\u00e0cter Personal (RDLOPD).&nbsp;<\/li>\n<li>Llei 34\/2002, d&#8217;11 de juliol, de Serveis de la Societat de la Informaci\u00f3 i de Comer\u00e7 Electr\u00f2nic (LSSI-CE).&nbsp;<\/li>\n<\/ul>\n<p><b>Identitat del responsable del tractament de les dades personals<\/b>&nbsp;<\/p>\n<p>El responsable del tractament de les dades personals recollides a&nbsp;<span style=\"font-weight: bold; font-size: 16px; font-style: normal;\">hst.<\/span>&nbsp; \u00e9s: H\u00e9ctor Seguer Terr\u00e9, amb NIF: 44991838C (d&#8217;ara endavant tamb\u00e9 responsable del tractament). Correu electr\u00f2nic de contacte: info@ <span style=\"font-size: 16px; font-style: normal; font-weight: 400;\">hst.barcelona<\/span>&nbsp;<\/p>\n<p><b>Registre de dades personals<\/b>&nbsp;<\/p>\n<p>En compliment del que disposen el RGPD i la LOPD-GDD, us informem que les dades personals recollides per&nbsp;<span style=\"font-weight: bold; font-size: 16px; font-style: normal;\">hst.<\/span>&nbsp; a trav\u00e9s dels formularis inclosos a les seves p\u00e0gines seran incorporats i tractats als nostres fitxers per tal de facilitar, accelerar i complir els compromisos establerts entre&nbsp;<span style=\"font-weight: bold; font-size: 16px; font-style: normal;\">hst.<\/span><span style=\"font-size: 16px; font-style: normal; font-weight: 400;\">&nbsp;<\/span>i l&#8217;usuari o el manteniment de la part que s&#8217;estableix als formularis que l&#8217;emplenen, o per assistir-hi a una sol\u00b7licitud o consulta.&nbsp;<\/p>\n<p><b>Principis aplicables al tractament de dades personals&nbsp;<\/b><\/p>\n<p>El tractament de les dades personals de l&#8217;usuari estar\u00e0 subjecte als principis seg\u00fcents establerts a l&#8217;article 5 del RGPD:&nbsp;<\/p>\n<ul>\n<li>Principi de legalitat, lleialtat i transpar\u00e8ncia: el consentiment de l&#8217;usuari ser\u00e0 requerit en tot moment, despr\u00e9s d&#8217;una informaci\u00f3 completament transparent de les finalitats per a les quals es recullen les dades personals.&nbsp;<\/li>\n<li>Principi de limitaci\u00f3 de prop\u00f2sit: les dades personals seran recollides amb finalitats espec\u00edfiques, expl\u00edcites i leg\u00edtimes.&nbsp;<\/li>\n<li>Principi de minimitzaci\u00f3 de dades: Les dades personals recollides seran nom\u00e9s les estrictament necess\u00e0ries en relaci\u00f3 amb les finalitats per a les quals siguin tractades.&nbsp;<\/li>\n<li>Principi de veracitat: les dades personals han de ser exactes i sempre actualitzades.&nbsp;<\/li>\n<li>Principi de limitaci\u00f3 del per\u00edode de retenci\u00f3: les dades personals nom\u00e9s es conservaran de manera que es permeti la identificaci\u00f3 de l&#8217;usuari durant el temps necessari per a les finalitats del seu tractament.&nbsp;<\/li>\n<li>Principi d&#8217;integritat: les dades personals seran tractades de manera que garanteixin la seva seguretat i confidencialitat.&nbsp;<\/li>\n<li>Principi de Responsabilitat Proactiva: el responsable del tractament ser\u00e0 l&#8217;encarregat de vetllar pel compliment dels principis anteriors.&nbsp;<\/li>\n<\/ul>\n<p><b>Categories de dades personals&nbsp;<\/b><\/p>\n<p>Les categories de dades que es processen a&nbsp;<span style=\"font-weight: bold; font-size: 16px; font-style: normal;\">hst.<\/span>&nbsp; nom\u00e9s s\u00f3n dades d&#8217;identificaci\u00f3. En cap cas es seran tractades categories especials de dades personals en el sentit de l&#8217;article 9 del RGPD.&nbsp;<\/p>\n<p><b>Base legal per al tractament de dades personals<\/b>&nbsp;<\/p>\n<p>La base legal per al tractament de dades personals \u00e9s el consentiment.&nbsp; <span style=\"font-weight: bold; font-size: 16px; font-style: normal;\">hst.<\/span>&nbsp; es compromet a obtenir el consentiment expr\u00e9s i verificable de lusuari per al tractament de les seves dades personals per a una finalitat espec\u00edfica.<\/p>\n<p>L&#8217;usuari tindr\u00e0 dret a revocar el seu consentiment en qualsevol moment. Ser\u00e0 el m\u00e9s f\u00e0cil retirar el consentiment possible. Com a norma general, la retirada del consentiment no determina l&#8217;\u00fas del lloc web.&nbsp;<\/p>\n<p>De vegades, quan l&#8217;usuari disposi o pugui facilitar les seves dades a trav\u00e9s dels formularis de consulta, sol\u00b7licitar informaci\u00f3 o per motius relacionats amb el contingut del lloc web, l&#8217;informarem si l&#8217;emplenament d&#8217;algun d&#8217;ells \u00e9s necessari per al correcte desenvolupament de l&#8217;operaci\u00f3 realitzada.&nbsp;<\/p>\n<p><b>Finalitats del tractament per al qual estan destinades les dades personals&nbsp;<\/b><\/p>\n<p>Les dades personals s\u00f3n recollides i gestionades per&nbsp; <span style=\"font-weight: bold; font-size: 16px; font-style: normal;\">hst.<\/span>&nbsp; per tal d&#8217;ajudar, agilitzar i complir f\u00e0cilment els compromisos establerts entre el lloc web i l&#8217;usuari o el manteniment de la relaci\u00f3 establerta als formularis que s&#8217;emplenen o assisteixen a una sol\u00b7licitud o consulta.&nbsp;<\/p>\n<p>Aix\u00ed mateix, les dades podran ser utilitzades amb fins comercials de personalitzaci\u00f3, operacions i estad\u00edstiques, i activitats de l&#8217;objecte social de&nbsp;<span style=\"font-weight: bold; font-size: 16px; font-style: normal;\">hst.<\/span> <span style=\"font-size: 16px; font-style: normal; font-weight: 400;\">,<\/span>&nbsp; aix\u00ed com per a lextracci\u00f3, emmagatzematge de dades i estudis de m\u00e0rqueting o per adaptar els continguts oferts a lusuari, aix\u00ed com millorar la qualitat, el funcionament i la navegaci\u00f3 del lloc web.&nbsp;<\/p>\n<p>En el moment de l&#8217;obtenci\u00f3 de les dades personals, s&#8217;informar\u00e0 a l&#8217;usuari sobre les finalitats espec\u00edfiques del tractament per al qual s&#8217;utilitzaran les dades personals; \u00e9s a dir, l&#8217;\u00fas o usos que es lliuraran a la informaci\u00f3 recollida.&nbsp;<\/p>\n<p><b>Per\u00edodes de retenci\u00f3 de dades personals<\/b>&nbsp;<\/p>\n<p>Les dades personals nom\u00e9s es conservaran durant el temps m\u00ednim necessari per a la finalitat del seu tractament i, en tot cas, nom\u00e9s fins que l&#8217;usuari sol\u00b7liciti la seva supressi\u00f3.&nbsp;<\/p>\n<p><b>Destinataris de dades personals<\/b>&nbsp;<\/p>\n<p>Les dades personals de l&#8217;usuari no seran compartides amb tercers.&nbsp;<\/p>\n<p>En qualsevol cas, en el moment en qu\u00e8 s&#8217;obtinguin les dades personals, si no per qualsevol motiu s&#8217;informar\u00e0 a l&#8217;usuari dels destinataris o a les categories de destinataris de les dades personals.&nbsp;<\/p>\n<p><b>Dades personals dels menors d&#8217;edat<\/b>&nbsp;<\/p>\n<p>En compliment del que disposen els articles 8 del RGPD i 13 de la RDLOPD, nom\u00e9s podran concedir el seu consentiment per al tractament de les seves dades personals com a forma legal de&nbsp;<span style=\"font-weight: bold; font-size: 16px; font-style: normal;\">hst.<\/span> . En el cas d&#8217;un menor de 14 anys, es requerir\u00e0 el consentiment dels pares o tutors per al tractament, i el tractament nom\u00e9s es considerar\u00e0 legal en la mesura que han estat autoritzats.&nbsp;<\/p>\n<p><b>Secret i seguretat de les dades personals<\/b>&nbsp;<\/p>\n<p><span style=\"font-size: 16px; font-style: normal; font-weight: bold; color: var( --e-global-color-text ); background-color: var(--ast-global-color-5);\">hst.<\/span>&nbsp;es compromet a adoptar les mesures t\u00e8cniques i organitzatives necess\u00e0ries, en funci\u00f3 del nivell de seguretat adequat al risc de les dades recollides, de manera que es garanteixi la seguretat de les dades personals ia evitar la destrucci\u00f3, p\u00e8rdua o alteraci\u00f3 accidental o il\u00b7legal de les dades personals transmesos, emmagatzemats o processats, o de comunicaci\u00f3 o acc\u00e9s no autoritzat a les dades esmentades.&nbsp;<\/p>\n<p>El lloc web disposa d&#8217;un certificat SSL (Secure Socket Layer) que garanteix que les dades personals es transmeten de forma segura i confidencial, sent la transmissi\u00f3 de dades entre el servidor i l&#8217;usuari, i en retroalimentaci\u00f3, totalment xifrades o xifrades.&nbsp;<\/p>\n<p>No obstant aix\u00f2, com&nbsp;<span style=\"font-weight: bold; font-size: 16px; font-style: normal;\">hst.<\/span>&nbsp;no pot garantir la inexpugnabilitat dInternet i labs\u00e8ncia total de hackers o altres persones que es troben en un acc\u00e9s fraudulent a les dades personals, el responsable es compromet a notificar a lusuari sense demora indeguda quan es produeixi una violaci\u00f3 de la seguretat de les dades personals que impliqui un alt risc per als drets i llibertats de l&#8217;article 4 del RGPD, violaci\u00f3 de la seguretat de les dades personals significa qualsevol violaci\u00f3 de la seguretat causada per la destrucci\u00f3, p\u00e8rdua o alteraci\u00f3 accidental o il\u00b7l\u00edcita de les dades personals transmeses, emmagatzemades o processats altrament, o comunicaci\u00f3 o acc\u00e9s no autoritzat a aquestes dades.&nbsp;<\/p>\n<p>Les dades personals seran tractades com a accionista pel Responsable, que es compromet a informar i garantir a trav\u00e9s d&#8217;una obligaci\u00f3 legal o contractual que aquesta confidencialitat sigui respectada pels seus empleats, associats i qualsevol persona a la informaci\u00f3 .&nbsp;<\/p>\n<p><b>Drets derivats del tractament de dades personals<\/b>&nbsp;<\/p>\n<p>L&#8217;usuari t\u00e9 a&nbsp; <span style=\"font-weight: bold; font-size: 16px; font-style: normal;\">hst.<\/span>&nbsp; i, per tant, pot exercir contra el responsable els seg\u00fcents drets reconeguts al RGPD:&nbsp;<\/p>\n<ul>\n<li>Dret d&#8217;acc\u00e9s: \u00c9s el dret de l&#8217;usuari a obtenir la confirmaci\u00f3 de si&nbsp;<span style=\"font-weight: bold; font-size: 16px; font-style: normal;\">hst.<\/span>&nbsp; est\u00e0 tractant les seves dades personals i, en cas afirmatiu, a obtenir informaci\u00f3 sobre les dades personals espec\u00edfiques i el tractament que&nbsp;<span style=\"font-weight: bold; font-size: 16px; font-style: normal;\">hst.<\/span>&nbsp; ha dut a terme o realitza, aix\u00ed com, entre d&#8217;altres, la informaci\u00f3 disponible sobre l&#8217;origen d&#8217;aquestes dades i els destinataris de les comunicacions realitzades o proporcionades.&nbsp;<\/li>\n<li>Dret de rectificaci\u00f3: Dret de l&#8217;usuari a modificar les seves dades personals que siguin inexactes, tenint en compte les finalitats del tractament, incompletes.&nbsp;<\/li>\n<li>El dret a la supressi\u00f3 (&#8220;dret a l&#8217;oblit&#8221;) significa el dret de l&#8217;usuari, sempre que la legislaci\u00f3 vigent no estableixi el contrari, per obtenir la supressi\u00f3 de les seves dades.&nbsp;<\/li>\n<li>Dret a la restricci\u00f3 del tractament: \u00e9s el dret de l&#8217;usuari a limitar el tractament de les seves dades personals. Vost\u00e8 t\u00e9 dret a obtenir la limitaci\u00f3 del tractament quan es desafia la veracitat de les seves dades personals; El tractament \u00e9s il\u00b7legal; El responsable del tractament ja no necessita les dades personals, sin\u00f3 que l&#8217;usuari ho necessita per a reclamacions; I quan l&#8217;usuari es va oposar al tractament.&nbsp;<\/li>\n<li>Dret a la portabilitat de les dades: En el cas que el tractament es realitzi per mitjans automatitzats, l&#8217;usuari tindr\u00e0 dret a rebre del responsable del tractament les seves dades personals en format estructurat, d&#8217;\u00fas com\u00fa i mesurat, i de transmetre&#8217;ls a un altre responsable del tractament. Quan sigui t\u00e8cnicament possible, el responsable del tractament transmetr\u00e0 les dades directament a aquesta altra persona responsable del tractament.&nbsp;<\/li>\n<li>Dret d&#8217;oposici\u00f3: \u00e9s el dret de l&#8217;usuari a no realitzar el tractament de les vostres dades personals o impedir-ne el tractament per part de&nbsp; <span style=\"font-weight: bold; font-size: 16px; font-style: normal;\">hst.<\/span>&nbsp;<\/li>\n<li>Dret a no estar subjecte a una decisi\u00f3 basada \u00fanicament en el tractament automatitzat, incl\u00f2s el perfil: Dret de l&#8217;usuari a no estar subjecte a una decisi\u00f3 individualitzada basada \u00fanicament en el tractament automatitzat de dades personals, incloent perfils.&nbsp;<\/li>\n<\/ul>\n<p>D&#8217;aquesta manera, l&#8217;usuari pot exercir els drets mitjan\u00e7ant comunicaci\u00f3 escrita adre\u00e7ada al responsable de la refer\u00e8ncia RGPD-www. <span style=\"font-size: 16px; font-style: normal; font-weight: 400;\">hst.barcelona<\/span> \u00bb, especificant:&nbsp;<\/p>\n<ul>\n<li>Nom, cognom d&#8217;usuari i identificador de c\u00f2pia.&nbsp;<\/li>\n<li>En els casos en qu\u00e8 s&#8217;admeti la representaci\u00f3, tamb\u00e9 ser\u00e0 necessari identificar-se pels mateixos canals que la persona que representa l&#8217;usuari, aix\u00ed com el document acreditatiu de la representaci\u00f3.&nbsp;<\/li>\n<li>Es pot substituir una fotoc\u00f2pia del DNI per qualsevol altre mitj\u00e0 v\u00e0lid en el dret a acreditar la identitat.&nbsp;<\/li>\n<li>Petici\u00f3 amb els motius concrets de la sol\u00b7licitud o informaci\u00f3 a la qual desitja accedir.&nbsp;<\/li>\n<li>Adre\u00e7a a efectes de notificaci\u00f3.&nbsp;<\/li>\n<li>Data i signatura del sol\u00b7licitant.&nbsp;<\/li>\n<li>Qualsevol document acreditatiu de la seva sol\u00b7licitud.&nbsp;<\/li>\n<\/ul>\n<p>Aquesta sol\u00b7licitud i qualsevol altre document adjunt es poden enviar al seg\u00fcent correu electr\u00f2nic: info@ <span style=\"font-size: 16px; font-style: normal; font-weight: 400;\">hst.barcelona<\/span>&nbsp;<\/p>\n<p><b>Enlla\u00e7os a llocs web de tercers<\/b>&nbsp;<\/p>\n<p>El lloc web pot incloure hipervincles o enlla\u00e7os que permeten l&#8217;acc\u00e9s a llocs web de tercers a&nbsp; <span style=\"font-size: 16px; font-style: normal; font-weight: bold; color: var( --e-global-color-text ); background-color: var(--ast-global-color-5);\">hst.<\/span> <span style=\"font-size: 16px; font-style: normal; font-weight: 400; color: var( --e-global-color-text ); background-color: var(--ast-global-color-5);\">,<\/span>&nbsp; <span style=\"font-size: 16px; color: var( --e-global-color-text ); background-color: var(--ast-global-color-5);\">i per tant no s\u00f3n operats per<\/span>&nbsp; <span style=\"font-size: 16px; font-style: normal; color: var( --e-global-color-text ); background-color: var(--ast-global-color-5); font-weight: bold;\">hst.<\/span><span style=\"font-size: 16px; color: var( --e-global-color-text ); background-color: var(--ast-global-color-5);\">&nbsp;<\/span><\/p>\n<p>Els propietaris d&#8217;aquests llocs web tindran les seves pr\u00f2pies pol\u00edtiques de protecci\u00f3 de dades, sent ells mateixos, en cada cas, responsables dels seus propis arxius i de les seves pr\u00f2pies pr\u00e0ctiques de privacitat.&nbsp;<\/p>\n<p><b>Queixes a l&#8217;autoritat de supervisi\u00f3<\/b>&nbsp;<\/p>\n<p>En el cas que l&#8217;usuari consideri que hi ha un problema o violaci\u00f3 de la normativa en qu\u00e8 es processen les seves dades personals, tindr\u00e0 dret a una protecci\u00f3 judicial efectiva i a presentar una reclamaci\u00f3 davant d&#8217;una autoritat de supervisi\u00f3, en particular en l&#8217;estat amb qu\u00e8 resideix habitualment, en el seu lloc de treball o en el lloc de presumpta infracci\u00f3.&nbsp;<\/p>\n<p>En el cas d&#8217;Espanya, l&#8217;autoritat de supervisi\u00f3 \u00e9s l&#8217;Ag\u00e8ncia Espanyola de Protecci\u00f3 de Dades (http:\/\/www.agpd.es).&nbsp;<\/p>\n<p><b>Acceptaci\u00f3 i modificaci\u00f3 d&#8217;aquesta pol\u00edtica de privacitat<\/b>&nbsp;<\/p>\n<p>C<span style=\"font-size: 16px; color: var( --e-global-color-text ); font-family: var( --e-global-typography-text-font-family ); letter-spacing: var( --e-global-typography-text-letter-spacing );\">Cal que l&#8217;usuari hagi llegit i estigui d&#8217;acord amb les condicions de protecci\u00f3 de dades personals contingudes en aquesta pol\u00edtica de privadesa, aix\u00ed com que accepti el tractament de les seves dades personals perqu\u00e8 el responsable del tractament pugui procedir-hi al formulari , durant els terminis i per als fins indicats.&nbsp;<\/span><\/p>\n<p><span style=\"font-size: 16px; color: var( --e-global-color-text ); font-family: var( --e-global-typography-text-font-family ); letter-spacing: var( --e-global-typography-text-letter-spacing );\">L&#8217;\u00fas del lloc web implica l&#8217;acceptaci\u00f3 de la pol\u00edtica de privacitat de la mateixa.&nbsp;<\/span><\/p>\n<p><span style=\"font-size: 16px; font-style: normal; font-weight: bold; color: var( --e-global-color-text ); background-color: var(--ast-global-color-5);\">hst.<\/span>&nbsp; <span style=\"font-size: 16px; color: var( --e-global-color-text ); font-family: var( --e-global-typography-text-font-family ); letter-spacing: var( --e-global-typography-text-letter-spacing );\">es reserva el dret de modificar la seva pol\u00edtica de privadesa, a la seva discreci\u00f3 sencera, o motivada per un canvi legislatiu, jurisprudencial o doctrinal de l&#8217;Ag\u00e8ncia Espanyola de Protecci\u00f3 de Dades.<\/span>&nbsp;<\/p>\n<p><span style=\"font-size: 16px; color: var( --e-global-color-text ); font-family: var( --e-global-typography-text-font-family ); letter-spacing: var( --e-global-typography-text-letter-spacing );\">Els canvis o les actualitzacions d&#8217;aquesta pol\u00edtica de privadesa no se us notificaran expl\u00edcitament.&nbsp;<\/span><\/p>\n<p><span style=\"font-size: 16px; color: var( --e-global-color-text ); font-family: var( --e-global-typography-text-font-family ); letter-spacing: var( --e-global-typography-text-letter-spacing );\">S&#8217;anima a l&#8217;usuari a revisar aquesta p\u00e0gina peri\u00f2dicament per estar al dia dels \u00faltims canvis o actualitzacions.&nbsp;<\/span><\/p>\n<p><span style=\"font-size: 16px; color: var( --e-global-color-text ); font-family: var( --e-global-typography-text-font-family ); letter-spacing: var( --e-global-typography-text-letter-spacing );\">Aquesta pol\u00edtica de privacitat es va actualitzar el 13 de setembre de 2020 per adaptar-se al Reglament (UE) 2016\/679 del Parlament Europeu i del Consell, de 27 d&#8217;abril de 2016, relatiu a la protecci\u00f3 de les persones f\u00edsiques pel que fa al tractament de dades personals i a la lliure circulaci\u00f3 d&#8217;aquestes dades 3\/2018<\/span><\/p>\n<h1><span style=\"font-size: 16px; color: var( --e-global-color-text ); font-family: var( --e-global-typography-text-font-family ); letter-spacing: var( --e-global-typography-text-letter-spacing );\"><b>5. POL\u00cdTICA DE COOKIES&nbsp;<\/b><\/span><\/h1>\n<p><span style=\"font-size: 16px; color: var( --e-global-color-text ); font-family: var( --e-global-typography-text-font-family ); letter-spacing: var( --e-global-typography-text-letter-spacing );\">L&#8217;acc\u00e9s a aquest lloc web pot implicar l&#8217;\u00fas de cookies.&nbsp;<\/span><\/p>\n<p><span style=\"font-size: 16px; color: var( --e-global-color-text ); font-family: var( --e-global-typography-text-font-family ); letter-spacing: var( --e-global-typography-text-letter-spacing );\">Les cookies s\u00f3n petites quantitats d&#8217;informaci\u00f3 que s&#8217;emmagatzemen en el navegador utilitzat per cada usuari \u2013en els diferents dispositius que pot utilitzar per navegar\u2013 de manera que el servidor recorda certa informaci\u00f3 que despr\u00e9s i nom\u00e9s llegir\u00e0 el servidor.&nbsp;<\/span><span style=\"color: var( --e-global-color-text ); font-family: var( --e-global-typography-text-font-family ); font-size: 16px; letter-spacing: var( --e-global-typography-text-letter-spacing );\">Les cookies faciliten la navegaci\u00f3 i no danyen el dispositiu de navegaci\u00f3.&nbsp;<\/span><\/p>\n<p><span style=\"font-size: 16px; color: var( --e-global-color-text ); font-family: var( --e-global-typography-text-font-family ); letter-spacing: var( --e-global-typography-text-letter-spacing );\">Les cookies s\u00f3n procediments autom\u00e0tics per a la recopilaci\u00f3 d&#8217;informaci\u00f3 relacionada amb les prefer\u00e8ncies determinades per l&#8217;usuari durant la seva visita al lloc web amb la finalitat de recon\u00e8ixer-lo com a usuari, i personalitzar la seva experi\u00e8ncia i \u00fas del lloc web, i tamb\u00e9 poden, per exemple, ajudar a identificar i resoldre errors.&nbsp;<\/span><\/p>\n<p><span style=\"font-size: 16px; color: var( --e-global-color-text ); font-family: var( --e-global-typography-text-font-family ); letter-spacing: var( --e-global-typography-text-letter-spacing );\">La informaci\u00f3 recollida a trav\u00e9s de les cookies pot incloure la data i l&#8217;hora de les visites al lloc web, les p\u00e0gines visitades, l&#8217;hora en qu\u00e8 ha estat en el lloc web i els llocs visitats abans i despr\u00e9s d&#8217;ella.&nbsp;<\/span><\/p>\n<p><span style=\"font-size: 16px; color: var( --e-global-color-text ); font-family: var( --e-global-typography-text-font-family ); letter-spacing: var( --e-global-typography-text-letter-spacing );\">No obstant aix\u00f2, cap cookie permet a l&#8217;usuari contactar amb el n\u00famero de tel\u00e8fon de l&#8217;usuari o qualsevol altre mitj\u00e0 de contacte personal. Cap cookie pot extreure informaci\u00f3 del disc dur de l&#8217;usuari o robar informaci\u00f3 personal. L&#8217;\u00fanica manera en qu\u00e8 la informaci\u00f3 privada de l&#8217;usuari forma part del fitxer de cookies \u00e9s que l&#8217;usuari proporcioni personalment aquesta informaci\u00f3 al servidor. Les cookies que permeten la identificaci\u00f3 d&#8217;una persona es consideren dades personals. Per tant, la pol\u00edtica de privacitat descrita anteriorment s&#8217;aplicar\u00e0 a ells. En aquest sentit, el consentiment de l&#8217;usuari ser\u00e0 necessari per a l&#8217;\u00fas delseu. Aquest consentiment es comunicar\u00e0 a partir de l&#8217;acceptaci\u00f3 de l&#8217;autenticaci\u00f3, ofert per una decisi\u00f3 afirmativa i positiva, pr\u00e8via al tractament inicial, desmuntable i documentat.&nbsp;<\/span><\/p>\n<p><span style=\"font-size: 16px; color: var( --e-global-color-text ); font-family: var( --e-global-typography-text-font-family ); letter-spacing: var( --e-global-typography-text-letter-spacing );\"><b>Cookies pr\u00f2pies<\/b>&nbsp;<\/span><\/p>\n<p><span style=\"font-size: 16px; color: var( --e-global-color-text ); font-family: var( --e-global-typography-text-font-family ); letter-spacing: var( --e-global-typography-text-letter-spacing );\">Aquestes cookies s&#8217;envien a l&#8217;ordinador o dispositiu de l&#8217;usuari i s\u00f3n gestionades exclusivament per<\/span>&nbsp; <span style=\"font-weight: bold; font-size: 16px; font-style: normal;\">hst.<\/span>&nbsp; <span style=\"font-size: 16px; color: var( --e-global-color-text ); font-family: var( --e-global-typography-text-font-family ); letter-spacing: var( --e-global-typography-text-letter-spacing );\">per al millor funcionament del lloc web.<\/span>&nbsp;<\/p>\n<p><span style=\"font-size: 16px; color: var( --e-global-color-text ); font-family: var( --e-global-typography-text-font-family ); letter-spacing: var( --e-global-typography-text-letter-spacing );\">La informaci\u00f3 recollida s&#8217;utilitza per millorar la qualitat del lloc web i la seva experi\u00e8ncia de contingut i usuari.&nbsp;<\/span><\/p>\n<p><span style=\"font-size: 16px; color: var( --e-global-color-text ); font-family: var( --e-global-typography-text-font-family ); letter-spacing: var( --e-global-typography-text-letter-spacing );\">Aquestes cookies permeten a l&#8217;usuari ser reconegut com a visitant recurrent del lloc web i adaptar els continguts per oferir continguts que puguin adaptar-se a les seves prefer\u00e8ncies.&nbsp;<\/span><\/p>\n<p><span style=\"font-size: 16px; color: var( --e-global-color-text ); font-family: var( --e-global-typography-text-font-family ); letter-spacing: var( --e-global-typography-text-letter-spacing );\"><b>Cookies de tercers<\/b>&nbsp;<\/span><\/p>\n<p><span style=\"font-size: 16px; color: var( --e-global-color-text ); font-family: var( --e-global-typography-text-font-family ); letter-spacing: var( --e-global-typography-text-letter-spacing );\">S\u00f3n cookies utilitzades i gestionades per entitats externes que presten<\/span>&nbsp; <span style=\"font-weight: bold; font-size: 16px; font-style: normal;\">hst.<\/span>&nbsp; <span style=\"font-size: 16px; color: var( --e-global-color-text ); font-family: var( --e-global-typography-text-font-family ); letter-spacing: var( --e-global-typography-text-letter-spacing );\">els serveis sol\u00b7licitats per millorar el lloc web i lexperi\u00e8ncia de lusuari en navegar per la p\u00e0gina web.<\/span>&nbsp;<\/p>\n<p><span style=\"font-size: 16px; color: var( --e-global-color-text ); font-family: var( --e-global-typography-text-font-family ); letter-spacing: var( --e-global-typography-text-letter-spacing );\">Els principals objectius per als quals s&#8217;utilitzen les cookies de tercers s\u00f3n obtenir estad\u00edstiques d&#8217;acc\u00e9s i analitzar la informaci\u00f3 de navegaci\u00f3, \u00e9s a dir, com interactua amb l&#8217;usuari amb el lloc web.&nbsp;<\/span><\/p>\n<p><span style=\"font-size: 16px; color: var( --e-global-color-text ); font-family: var( --e-global-typography-text-font-family ); letter-spacing: var( --e-global-typography-text-letter-spacing );\">La informaci\u00f3 obtinguda fa refer\u00e8ncia, per exemple, al nombre de p\u00e0gines visitades, a l&#8217;idioma, al lloc al qual accedeix l&#8217;adre\u00e7a IP des d&#8217;on accedeix l&#8217;usuari, el nombre d&#8217;usuaris que accedeixen a la freq\u00fc\u00e8ncia i el recidivisme de les visites, l&#8217;hora de visita, el navegador utilitzat, l&#8217;operador o tipus de dispositiu des del qual es fa aquesta informaci\u00f3 s&#8217;utilitza per millorar el lloc web , i detectar noves necessitats per proporcionar als usuaris una qualitat \u00f2ptima.&nbsp;<\/span><\/p>\n<p><span style=\"font-size: 16px; color: var( --e-global-color-text ); font-family: var( --e-global-typography-text-font-family ); letter-spacing: var( --e-global-typography-text-letter-spacing );\">En qualsevol cas, la informaci\u00f3 es recull de forma an\u00f2nima i els informes de tend\u00e8ncies s&#8217;preparen des del lloc web sense identificar usuaris individuals.&nbsp;<\/span><\/p>\n<p><span style=\"color: var( --e-global-color-text ); font-family: var( --e-global-typography-text-font-family ); font-size: 16px; letter-spacing: var( --e-global-typography-text-letter-spacing );\"><b>Desactivar, rebutjar i eliminar les cookies<\/b>&nbsp;<\/span><\/p>\n<p><span style=\"color: var( --e-global-color-text ); font-family: var( --e-global-typography-text-font-family ); font-size: 16px; letter-spacing: var( --e-global-typography-text-letter-spacing );\">Podeu desactivar, rebutjar i suprimir les galetes, en la seva totalitat o en part, instal\u00b7lades al vostre dispositiu a trav\u00e9s de la configuraci\u00f3 del navegador (com ara Chrome, Firefox, Safari, Explorer).&nbsp;<\/span><span style=\"color: var( --e-global-color-text ); font-family: var( --e-global-typography-text-font-family ); font-size: 16px; letter-spacing: var( --e-global-typography-text-letter-spacing );\">En aquest sentit, els procediments per rebutjar i suprimir les cookies poden diferir d&#8217;un navegador d&#8217;Internet a un altre.&nbsp;<\/span><span style=\"color: var( --e-global-color-text ); font-family: var( --e-global-typography-text-font-family ); font-size: 16px; letter-spacing: var( --e-global-typography-text-letter-spacing );\">En conseq\u00fc\u00e8ncia, l&#8217;usuari haur\u00e0 de rec\u00f3rrer a les instruccions proporcionades pel navegador d&#8217;Internet utilitzat.&nbsp;<\/span><\/p>\n<p><span style=\"color: var( --e-global-color-text ); font-family: var( --e-global-typography-text-font-family ); font-size: 16px; letter-spacing: var( --e-global-typography-text-letter-spacing );\">Si rebutja l&#8217;\u00fas de cookies, en la seva totalitat o parcialment, pot continuar o abandonar el lloc web, encara que pot haver limitat l&#8217;\u00fas d&#8217;algunes de les funcionalitats del lloc web.&nbsp;<\/span><\/p>\n<p><span style=\"color: var( --e-global-color-text ); font-family: var( --e-global-typography-text-font-family ); font-size: 16px; letter-spacing: var( --e-global-typography-text-letter-spacing );\"><b>Canvis en la pol\u00edtica de cookies<\/b>&nbsp;<\/span><\/p>\n<p><span style=\"color: var( --e-global-color-text ); font-family: var( --e-global-typography-text-font-family ); font-size: 16px; letter-spacing: var( --e-global-typography-text-letter-spacing );\">La pol\u00edtica de cookies del lloc web pot ser canviada o actualitzada, per la qual cosa es recomana a l&#8217;usuari revisar aquesta pol\u00edtica cada vegada que accedeixi al lloc web amb la finalitat d&#8217;estar degudament informat sobre com i per qu\u00e8 utilitzem cookies.&nbsp;<\/span><\/p>\n<p><span style=\"color: var( --e-global-color-text ); font-family: var( --e-global-typography-text-font-family ); font-size: 16px; letter-spacing: var( --e-global-typography-text-letter-spacing );\">&nbsp;<\/span><\/p>\n<p><b>6. POL\u00cdTICA D&#8217;ENLLA\u00c7OS<\/b>&nbsp;<\/p>\n<p>S&#8217;informa que el lloc web de&nbsp;<span style=\"font-weight: bold; font-size: 16px; font-style: normal;\">hst.<\/span>&nbsp; posa o pot posar a disposici\u00f3 dels usuaris mitjans denlla\u00e7 (per exemple, per\u00f2 no limitat a, enlla\u00e7os, banners, botons i cercadors que permeten als usuaris accedir a llocs web propietat i\/o gestionats per tercers). La finalitat d&#8217;instal\u00b7lar aquests enlla\u00e7os, directoris i cercadors en el lloc web \u00e9s proporcionar als usuaris una cerca i acc\u00e9s a la informaci\u00f3 disponible a Internet, sense ser considerat un suggeriment, una invitaci\u00f3 a fer una visita.&nbsp;<\/p>\n<p>Els productes i\/o serveis disponibles en aquests llocs enlla\u00e7ats s\u00f3n oferts o comercialats per tercers o a trav\u00e9s d&#8217;un tercer.&nbsp;<\/p>\n<p>Aix\u00ed mateix, no garantir\u00e0 la disponibilitat t\u00e8cnica, exactitud, veracitat, validesa de la legalitat o els llocs fora de la seva propietat als als que es pugui accedir a trav\u00e9s dels enlla\u00e7os.&nbsp;<\/p>\n<p>En cap cas \u00e9s el contingut d&#8217;altres llocs web revisats o controlats, ni aprova, examina o \u00e9s propietari dels productes i serveis, continguts, arxius i qualsevol altre material existent en aquests llocs enlla\u00e7ats.&nbsp;<\/p>\n<p><span style=\"font-size: 16px; font-style: normal; font-weight: bold; color: var( --e-global-color-text ); background-color: var(--ast-global-color-5);\">hst.<\/span>&nbsp; no assumeix cap responsabilitat pels danys i perjudicis que puguin ocasionar-se per l&#8217;acc\u00e9s, \u00fas, qualitat o legalitat dels continguts, comunicacions, opinions, productes i serveis dels llocs web no gestionats per&nbsp; <span style=\"font-weight: bold; font-size: 16px; font-style: normal;\">hst.<\/span>&nbsp; i\/o vinculat a aquest lloc web.&nbsp;<\/p>\n<p>Lusuari o tercer que realitzi un hiperenlla\u00e7 a un lloc web fora dun lloc web del lloc web de&nbsp; <span style=\"font-weight: bold; font-size: 16px; font-style: normal;\">hst.<\/span>&nbsp; sabr\u00e0 que:&nbsp;<\/p>\n<ul>\n<li>Queda prohibida la reproducci\u00f3 total o parcial de qualsevol dels continguts i\/o serveis del lloc web sense l&#8217;autoritzaci\u00f3 expressa de&nbsp; <span style=\"font-weight: bold; font-size: 16px; font-style: normal;\">hst.<\/span>&nbsp;<\/li>\n<li>No es permeten declaracions falses, inexactes o incorrectes al lloc web de&nbsp; <span style=\"font-weight: bold; font-size: 16px; font-style: normal;\">hst.<\/span> , ni sobre els continguts i\/o serveis dels mateixos.&nbsp;<\/li>\n<li>A excepci\u00f3 de l&#8217;hiperenlla\u00e7, la p\u00e0gina web on s&#8217;estableixi l&#8217;hiperenlla\u00e7 no contindr\u00e0 cap element d&#8217;aquest lloc web, protegit com a propietat intel\u00b7lectual per l&#8217;ordenament jur\u00eddic espanyol, excepte autoritzaci\u00f3 expressa de&nbsp; <span style=\"font-weight: bold; font-size: 16px; font-style: normal;\">hst.<\/span> .&nbsp;<\/li>\n<li>L&#8217;establiment de l&#8217;hiperenlla\u00e7 no implica l&#8217;exist\u00e8ncia de relacions entre&nbsp; <span style=\"font-weight: bold; font-size: 16px; font-style: normal;\">hst.<\/span>&nbsp; i el titular de la p\u00e0gina Web des de la qual es realitza, ni el coneixement i acceptaci\u00f3 de&nbsp; <span style=\"font-weight: bold; font-size: 16px; font-style: normal;\">hst.<\/span>&nbsp; dels continguts, serveis i\/o activitats oferts en aquest lloc web, i viceversa.&nbsp;<\/li>\n<\/ul>\n<p><b>7. PROPIETAT INTEL\u00b7LECTUAL I INDUSTRIAL&nbsp;<\/b><\/p>\n<p>El propi&nbsp;<span style=\"font-weight: bold; font-size: 16px; font-style: normal;\">hst.<\/span>&nbsp;\u00e9s titular de tots els drets de propietat intel\u00b7lectual i industrial del lloc web, aix\u00ed com dels elements continguts en aquest (inclosos, entre d&#8217;altres, imatges, so, \u00e0udio, v\u00eddeo, programari o textos, marques comercials o logotips, combinacions de colors , estructura i disseny, selecci\u00f3 de materials utilitzats, programari necessari per a l&#8217;operaci\u00f3, acc\u00e9s i \u00fas, etc.).&nbsp;<\/p>\n<p>Per tant, seran obres protegides com a propietat intel\u00b7lectual per l&#8217;ordenament jur\u00eddic espanyol, sent aplicables tant a la legislaci\u00f3 espanyola com a la UE en aquest \u00e0mbit, aix\u00ed com internacionals relacionats amb la mat\u00e8ria i signats per Espanya.&nbsp;<\/p>\n<p>Tots els drets reservats.&nbsp;<\/p>\n<p>De conformitat amb el que disposa la Llei de Propietat Intel\u00b7lectual, queda expressament prohibida la reproducci\u00f3, distribuci\u00f3 i comunicaci\u00f3 p\u00fablica, inclosa la seva modalitat de posada a disposici\u00f3, la totalitat o part dels continguts d&#8217;aquest lloc web, amb finalitats comercials, en qualsevol suport i per qualsevol mitj\u00e0 t\u00e8cnic, sense l&#8217;autoritzaci\u00f3 de&nbsp;<span style=\"font-weight: bold; font-size: 16px; font-style: normal;\">hst.<\/span>&nbsp;<\/p>\n<p>L&#8217;usuari es compromet a respectar els drets de propietat intel\u00b7lectual i industrial de&nbsp; <span style=\"font-weight: bold; font-size: 16px; font-style: normal;\">hst.<\/span>&nbsp;<\/p>\n<p>Pots consultar els elements del lloc web o fins i tot imprimir-los, copiar-los i emmagatzemar-los al disc dur del teu ordinador o a qualsevol altre mitj\u00e0 f\u00edsic, sempre que sigui exclusivament per al teu \u00fas personal. No obstant aix\u00f2, l&#8217;usuari no pot suprimir, alterar, eludir o manipular qualsevol dispositiu de protecci\u00f3 o sistema de seguretat que s&#8217;hagi instal\u00b7lat al lloc web.&nbsp;<\/p>\n<p>En cas que l&#8217;usuari o tercer consideri que algun dels continguts del lloc web constitueix una violaci\u00f3 dels drets de protecci\u00f3 de la propietat intel\u00b7lectual, haur\u00e0 de notificar immediatament a&nbsp;<span style=\"font-weight: bold; font-size: 16px; font-style: normal;\">hst.<\/span>&nbsp; a trav\u00e9s de les dades de contacte de la secci\u00f3 Informaci\u00f3 general de les condicions generals d\u00fas daquest av\u00eds legal.&nbsp;<\/p><p><br><\/p>\n<p><\/p>\n<p><b>8. ACCIONS LEGALS, LEGISLACI\u00d3 APLICABLE I JURISDICCI\u00d3<\/b>&nbsp;<\/p>\n<p><span style=\"font-size: 16px; font-style: normal; font-weight: bold; color: var( --e-global-color-text ); background-color: var(--ast-global-color-5);\">hst.<\/span><span style=\"font-size: 16px; font-style: normal; font-weight: 400; color: var( --e-global-color-text ); font-family: var( --e-global-typography-text-font-family );\">&nbsp;<\/span>es reserva el dret de presentar accions civils o penals que considerin oportunes pel mal \u00fas del lloc web i els seus continguts, o per incompliment de condicions.&nbsp;<\/p>\n<p>La relaci\u00f3 entre l&#8217;usuari i&nbsp; <span style=\"font-weight: bold; font-size: 16px; font-style: normal;\">hst.<\/span>&nbsp; es regir\u00e0 per la normativa vigent i aplicable al territori espanyol.&nbsp;<\/p>\n<p>En cas que sorgeixi alguna controv\u00e8rsia respecte a la interpretaci\u00f3 i\/o aplicaci\u00f3 d&#8217;aquests termes, les parts presentaran els seus conflictes a la jurisdicci\u00f3 ordin\u00e0ria per presentar els jutges i tribunals pertinents.<\/p>\n<p>\u00daltima modificaci\u00f3: 6 de mar\u00e7 de 2022<\/p>\n<p><\/p>\t\t\t\t\t\t\t\t<\/div>\n\t\t\t\t\t<\/div>\n\t\t<\/div>\n\t\t\t\t\t<\/div>\n\t\t<\/section>\n\t\t\t\t<\/div>\n\t\t","protected":false},"excerpt":{"rendered":"<p>AV\u00cdS LEGAL I CONDICIONS GENERALS D&#8217;\u00daS &nbsp; 1. INFORMACI\u00d3 GENERAL&nbsp; En compliment del deure informaci\u00f3 previst a la Llei 34\/2002 de Serveis de la Societat de la Informaci\u00f3 i Comer\u00e7 Electr\u00f2nic (LSSI-CE), d&#8217;11 de juliol, a continuaci\u00f3 es presenten les dades generals d&#8217;aquest lloc web: La titularitat de aquest lloc web, www.hst.barcelona, (d&#8217;ara endavant, lloc [&hellip;]<\/p>\n","protected":false},"author":1,"featured_media":0,"parent":0,"menu_order":99,"comment_status":"closed","ping_status":"closed","template":"","meta":{"site-sidebar-layout":"no-sidebar","site-content-layout":"default","ast-site-content-layout":"","site-content-style":"default","site-sidebar-style":"default","ast-global-header-display":"","ast-banner-title-visibility":"","ast-main-header-display":"","ast-hfb-above-header-display":"","ast-hfb-below-header-display":"","ast-hfb-mobile-header-display":"","site-post-title":"","ast-breadcrumbs-content":"","ast-featured-img":"","footer-sml-layout":"","theme-transparent-header-meta":"default","adv-header-id-meta":"","stick-header-meta":"","header-above-stick-meta":"","header-main-stick-meta":"","header-below-stick-meta":"","astra-migrate-meta-layouts":"default","ast-page-background-enabled":"default","ast-page-background-meta":{"desktop":{"background-color":"","background-image":"","background-repeat":"repeat","background-position":"center center","background-size":"auto","background-attachment":"scroll","background-type":"","background-media":"","overlay-type":"","overlay-color":"","overlay-opacity":"","overlay-gradient":""},"tablet":{"background-color":"","background-image":"","background-repeat":"repeat","background-position":"center center","background-size":"auto","background-attachment":"scroll","background-type":"","background-media":"","overlay-type":"","overlay-color":"","overlay-opacity":"","overlay-gradient":""},"mobile":{"background-color":"","background-image":"","background-repeat":"repeat","background-position":"center center","background-size":"auto","background-attachment":"scroll","background-type":"","background-media":"","overlay-type":"","overlay-color":"","overlay-opacity":"","overlay-gradient":""}},"ast-content-background-meta":{"desktop":{"background-color":"var(--ast-global-color-5)","background-image":"","background-repeat":"repeat","background-position":"center center","background-size":"auto","background-attachment":"scroll","background-type":"","background-media":"","overlay-type":"","overlay-color":"","overlay-opacity":"","overlay-gradient":""},"tablet":{"background-color":"var(--ast-global-color-5)","background-image":"","background-repeat":"repeat","background-position":"center center","background-size":"auto","background-attachment":"scroll","background-type":"","background-media":"","overlay-type":"","overlay-color":"","overlay-opacity":"","overlay-gradient":""},"mobile":{"background-color":"var(--ast-global-color-5)","background-image":"","background-repeat":"repeat","background-position":"center center","background-size":"auto","background-attachment":"scroll","background-type":"","background-media":"","overlay-type":"","overlay-color":"","overlay-opacity":"","overlay-gradient":""}},"footnotes":""},"class_list":["post-513","page","type-page","status-publish","hentry"],"_links":{"self":[{"href":"https:\/\/www.hst.barcelona\/ca\/wp-json\/wp\/v2\/pages\/513","targetHints":{"allow":["GET"]}}],"collection":[{"href":"https:\/\/www.hst.barcelona\/ca\/wp-json\/wp\/v2\/pages"}],"about":[{"href":"https:\/\/www.hst.barcelona\/ca\/wp-json\/wp\/v2\/types\/page"}],"author":[{"embeddable":true,"href":"https:\/\/www.hst.barcelona\/ca\/wp-json\/wp\/v2\/users\/1"}],"replies":[{"embeddable":true,"href":"https:\/\/www.hst.barcelona\/ca\/wp-json\/wp\/v2\/comments?post=513"}],"version-history":[{"count":0,"href":"https:\/\/www.hst.barcelona\/ca\/wp-json\/wp\/v2\/pages\/513\/revisions"}],"wp:attachment":[{"href":"https:\/\/www.hst.barcelona\/ca\/wp-json\/wp\/v2\/media?parent=513"}],"curies":[{"name":"wp","href":"https:\/\/api.w.org\/{rel}","templated":true}]}}